{"id":3705,"date":"2024-10-25T16:26:29","date_gmt":"2024-10-25T16:26:29","guid":{"rendered":"https:\/\/ubereslegal.com\/?page_id=3705"},"modified":"2025-05-13T16:16:02","modified_gmt":"2025-05-13T16:16:02","slug":"tucuman","status":"publish","type":"page","link":"http:\/\/ubereslegal.com\/en\/tucuman\/","title":{"rendered":"Tucum\u00e1n"},"content":{"rendered":"<div class=\"vc_row wpb_row vc_row-fluid\"><div class=\"wpb_column vc_column_container vc_col-sm-12\"><div class=\"vc_column-inner\"><div class=\"wpb_wrapper\"><div class=\"vc_empty_space\"   style=\"height: 160px\"><span class=\"vc_empty_space_inner\"><\/span><\/div>\n\t<div class=\"wpb_text_column wpb_content_element\" >\n\t\t<div class=\"wpb_wrapper\">\n\t\t\t<h5 style=\"text-align: center;\">San Miguel de Tucum\u00e1n<\/h5>\n<p>&nbsp;<\/p>\n\n\t\t<\/div>\n\t<\/div>\n<div class=\"edge-blog-list-holder edge-bl-standard edge-bl-four-columns edge-bl-normal-space edge-bl-pag-no-pagination\"  data-type=\"standard\" data-number-of-posts=\"40\" data-number-of-columns=\"4\" data-space-between-columns=\"normal\" data-category=\"jurisprudencia-de-tucuman\" data-order-by=\"date\" data-order=\"ASC\" data-image-size=\"landscape\" data-title-tag=\"h4\" data-excerpt-length=\"30\" data-post-info-section=\"no\" data-post-info-image=\"yes\" data-post-info-author=\"yes\" data-post-info-date=\"no\" data-post-info-category=\"yes\" data-post-info-comments=\"no\" data-post-info-like=\"no\" data-post-info-share=\"no\" data-pagination-type=\"no-pagination\" data-max-num-pages=\"1\" data-next-page=\"2\">\n\t<div class=\"edge-bl-wrapper\">\n\t\t<ul class=\"edge-blog-list\">\n\t\t\t<li class=\"edge-bl-item clearfix\">\n\t<div class=\"edge-bli-inner\">\n                \n\t<div class=\"edge-post-image\">\n        \t\t    <a itemprop=\"url\" href=\"http:\/\/ubereslegal.com\/en\/otra-vez-mas-se-resuelve-que-la-devolucion-inmediata-del-vehiculo-debe-realizarse-sin-pago-previo-de-la-multa-tucuman\/\" title=\"Once Again It Is Ruled That The Immediate Return Of A Vehicle Should Take Place Without Advance Payment Of The Fine (Tucum\u00e1n)\">\n                            <img decoding=\"async\" itemprop=\"image\" class=\"edge-custom-post-image\" src=\"http:\/\/ubereslegal.com\/wp-content\/uploads\/2024\/06\/uber-130.png\" alt=\"Blog list featured image\" \/>\n                \t\t    <\/a>\n        \t<\/div>\n                <div class=\"edge-bli-content\">\n                        \n<h4 itemprop=\"name\" class=\"entry-title edge-post-title\">\n            <a itemprop=\"url\" href=\"http:\/\/ubereslegal.com\/en\/otra-vez-mas-se-resuelve-que-la-devolucion-inmediata-del-vehiculo-debe-realizarse-sin-pago-previo-de-la-multa-tucuman\/\" title=\"Once Again It Is Ruled That The Immediate Return Of A Vehicle Should Take Place Without Advance Payment Of The Fine (Tucum\u00e1n)\">\n            Once Again It Is Ruled That The Immediate Return Of A Vehicle Should Take Place Without Advance Payment Of The Fine (Tucum\u00e1n)            <\/a>\n    <\/h4>                        <div class=\"edge-bli-excerpt\">\n                \t\t<div class=\"edge-post-excerpt-holder\">\n\t\t\t<p itemprop=\"description\" class=\"edge-post-excerpt\">\n\t\t\t\t\nOn the 28th of September, 2022, in the case \u201cGesavan Luciano Alfredo s\/Recurso de queja por apelaci\u00f3n denegada\u201d, (Expte. 2087\/2022), the Court ordered a vehicle to be restored to its driver and granted\t\t\t<\/p>\n\t\t<\/div>\n\t                <div class=\"edge-post-read-more-button\">\n<a itemprop=\"url\" href=\"http:\/\/ubereslegal.com\/en\/otra-vez-mas-se-resuelve-que-la-devolucion-inmediata-del-vehiculo-debe-realizarse-sin-pago-previo-de-la-multa-tucuman\/\" target=\"_self\"  class=\"edge-btn edge-btn-medium edge-btn-simple edge-blog-list-button\"  >    <span class=\"edge-btn-text\">Read More<\/span>    <\/a><\/div>\n            <\/div>\n        <\/div>\n\t<\/div>\n<\/li><li class=\"edge-bl-item clearfix\">\n\t<div class=\"edge-bli-inner\">\n                \n\t<div class=\"edge-post-image\">\n        \t\t    <a itemprop=\"url\" href=\"http:\/\/ubereslegal.com\/en\/se-declara-la-improcedencia-del-pago-previo-de-la-multa-para-recuperar-el-vehiculo-y-poder-apelar-tucuman\/\" title=\"The Advance Payment Of A Fine In Order To Appeal And Recover A Vehicle Is Declared Unlawful (Tucum\u00e1n)\">\n                            <img decoding=\"async\" itemprop=\"image\" class=\"edge-custom-post-image\" src=\"http:\/\/ubereslegal.com\/wp-content\/uploads\/2024\/06\/uber-71.jpg\" alt=\"Blog list featured image\" \/>\n                \t\t    <\/a>\n        \t<\/div>\n                <div class=\"edge-bli-content\">\n                        \n<h4 itemprop=\"name\" class=\"entry-title edge-post-title\">\n            <a itemprop=\"url\" href=\"http:\/\/ubereslegal.com\/en\/se-declara-la-improcedencia-del-pago-previo-de-la-multa-para-recuperar-el-vehiculo-y-poder-apelar-tucuman\/\" title=\"The Advance Payment Of A Fine In Order To Appeal And Recover A Vehicle Is Declared Unlawful (Tucum\u00e1n)\">\n            The Advance Payment Of A Fine In Order To Appeal And Recover A Vehicle Is Declared Unlawful (Tucum\u00e1n)            <\/a>\n    <\/h4>                        <div class=\"edge-bli-excerpt\">\n                \t\t<div class=\"edge-post-excerpt-holder\">\n\t\t\t<p itemprop=\"description\" class=\"edge-post-excerpt\">\n\t\t\t\t\nIn the case \u201cAlejandra Edith Routti s\/ recurso de queja por apelaci\u00f3n denegada\u201d, (Expte n\u00b0 55221\/2020), the Court ruled that the seizure of the vehicle and requirement to pay the fine infringed\t\t\t<\/p>\n\t\t<\/div>\n\t                <div class=\"edge-post-read-more-button\">\n<a itemprop=\"url\" href=\"http:\/\/ubereslegal.com\/en\/se-declara-la-improcedencia-del-pago-previo-de-la-multa-para-recuperar-el-vehiculo-y-poder-apelar-tucuman\/\" target=\"_self\"  class=\"edge-btn edge-btn-medium edge-btn-simple edge-blog-list-button\"  >    <span class=\"edge-btn-text\">Read More<\/span>    <\/a><\/div>\n            <\/div>\n        <\/div>\n\t<\/div>\n<\/li><li class=\"edge-bl-item clearfix\">\n\t<div class=\"edge-bli-inner\">\n                \n\t<div class=\"edge-post-image\">\n        \t\t    <a itemprop=\"url\" href=\"http:\/\/ubereslegal.com\/en\/se-ratifica-que-la-devolucion-inmediata-del-vehiculo-y-la-apelacion-son-procedentes-sin-tener-que-realizar-el-pago-previo-de-la-multa-tucuman\/\" title=\"Appeals And Immediate Return Of Vehicles Are Both Lawful Without Having To Pay The Fine In Advance (Tucum\u00e1n)\">\n                            <img decoding=\"async\" itemprop=\"image\" class=\"edge-custom-post-image\" src=\"http:\/\/ubereslegal.com\/wp-content\/uploads\/2024\/06\/uber-43.jpg\" alt=\"Blog list featured image\" \/>\n                \t\t    <\/a>\n        \t<\/div>\n                <div class=\"edge-bli-content\">\n                        \n<h4 itemprop=\"name\" class=\"entry-title edge-post-title\">\n            <a itemprop=\"url\" href=\"http:\/\/ubereslegal.com\/en\/se-ratifica-que-la-devolucion-inmediata-del-vehiculo-y-la-apelacion-son-procedentes-sin-tener-que-realizar-el-pago-previo-de-la-multa-tucuman\/\" title=\"Appeals And Immediate Return Of Vehicles Are Both Lawful Without Having To Pay The Fine In Advance (Tucum\u00e1n)\">\n            Appeals And Immediate Return Of Vehicles Are Both Lawful Without Having To Pay The Fine In Advance (Tucum\u00e1n)            <\/a>\n    <\/h4>                        <div class=\"edge-bli-excerpt\">\n                \t\t<div class=\"edge-post-excerpt-holder\">\n\t\t\t<p itemprop=\"description\" class=\"edge-post-excerpt\">\n\t\t\t\t\nOn the 2nd of December, 2021, in the case \u201cPrado Franco Esteban s\/ recurso de queja por apelaci\u00f3n denegada\u201d, 1528\/2021.GLA, the legal doctrine stated in the \u201cRoutti\u201d case is reiterated. The Court repeated the same arguments and ordered the return of\t\t\t<\/p>\n\t\t<\/div>\n\t                <div class=\"edge-post-read-more-button\">\n<a itemprop=\"url\" href=\"http:\/\/ubereslegal.com\/en\/se-ratifica-que-la-devolucion-inmediata-del-vehiculo-y-la-apelacion-son-procedentes-sin-tener-que-realizar-el-pago-previo-de-la-multa-tucuman\/\" target=\"_self\"  class=\"edge-btn edge-btn-medium edge-btn-simple edge-blog-list-button\"  >    <span class=\"edge-btn-text\">Read More<\/span>    <\/a><\/div>\n            <\/div>\n        <\/div>\n\t<\/div>\n<\/li><li class=\"edge-bl-item clearfix\">\n\t<div class=\"edge-bli-inner\">\n                \n\t<div class=\"edge-post-image\">\n        \t\t    <a itemprop=\"url\" href=\"http:\/\/ubereslegal.com\/en\/se-intima-a-la-municipalidad-a-dejar-de-actuar-arbitrariamente-reteniendo-vehiculos-y-exigiendo-el-pago-previo-de-la-multa-tucuman-2\/\" title=\"Tucum\u00e1n Municipality Is Ordered To Stop Arbitrarily Seizing Vehicles And Demanding Advance Payment Of Fines (Tucum\u00e1n)\">\n                            <img decoding=\"async\" itemprop=\"image\" class=\"edge-custom-post-image\" src=\"http:\/\/ubereslegal.com\/wp-content\/uploads\/2024\/06\/uber-73b.jpg\" alt=\"Blog list featured image\" \/>\n                \t\t    <\/a>\n        \t<\/div>\n                <div class=\"edge-bli-content\">\n                        \n<h4 itemprop=\"name\" class=\"entry-title edge-post-title\">\n            <a itemprop=\"url\" href=\"http:\/\/ubereslegal.com\/en\/se-intima-a-la-municipalidad-a-dejar-de-actuar-arbitrariamente-reteniendo-vehiculos-y-exigiendo-el-pago-previo-de-la-multa-tucuman-2\/\" title=\"Tucum\u00e1n Municipality Is Ordered To Stop Arbitrarily Seizing Vehicles And Demanding Advance Payment Of Fines (Tucum\u00e1n)\">\n            Tucum\u00e1n Municipality Is Ordered To Stop Arbitrarily Seizing Vehicles And Demanding Advance Payment Of Fines (Tucum\u00e1n)            <\/a>\n    <\/h4>                        <div class=\"edge-bli-excerpt\">\n                \t\t<div class=\"edge-post-excerpt-holder\">\n\t\t\t<p itemprop=\"description\" class=\"edge-post-excerpt\">\n\t\t\t\t\nOn the 18th of October, 2022, in the case \u201cValenzuela Fabricio Gast\u00f3n s\/ Infracci\u00f3n a la ordenanza 758\/82 \u2013 C\u00f3digo de Falta Municipal\u201d, (Expte. 2582\/2022), the Court warned the Municipality that it could not\t\t\t<\/p>\n\t\t<\/div>\n\t                <div class=\"edge-post-read-more-button\">\n<a itemprop=\"url\" href=\"http:\/\/ubereslegal.com\/en\/se-intima-a-la-municipalidad-a-dejar-de-actuar-arbitrariamente-reteniendo-vehiculos-y-exigiendo-el-pago-previo-de-la-multa-tucuman-2\/\" target=\"_self\"  class=\"edge-btn edge-btn-medium edge-btn-simple edge-blog-list-button\"  >    <span class=\"edge-btn-text\">Read More<\/span>    <\/a><\/div>\n            <\/div>\n        <\/div>\n\t<\/div>\n<\/li><li class=\"edge-bl-item clearfix\">\n\t<div class=\"edge-bli-inner\">\n                \n\t<div class=\"edge-post-image\">\n        \t\t    <a itemprop=\"url\" href=\"http:\/\/ubereslegal.com\/en\/una-vez-mas-no-es-legitimo-exigir-el-pago-de-la-multa-para-apelar-y-recuperar-el-vehiculo-tucuman\/\" title=\"Once Again, It Is Not Legitimate To Demand Payment Of A Fine In Order To Appeal And Return A Vehicle (Tucum\u00e1n)\">\n                            <img decoding=\"async\" itemprop=\"image\" class=\"edge-custom-post-image\" src=\"http:\/\/ubereslegal.com\/wp-content\/uploads\/2024\/06\/uber-103.jpg\" alt=\"Blog list featured image\" \/>\n                \t\t    <\/a>\n        \t<\/div>\n                <div class=\"edge-bli-content\">\n                        \n<h4 itemprop=\"name\" class=\"entry-title edge-post-title\">\n            <a itemprop=\"url\" href=\"http:\/\/ubereslegal.com\/en\/una-vez-mas-no-es-legitimo-exigir-el-pago-de-la-multa-para-apelar-y-recuperar-el-vehiculo-tucuman\/\" title=\"Once Again, It Is Not Legitimate To Demand Payment Of A Fine In Order To Appeal And Return A Vehicle (Tucum\u00e1n)\">\n            Once Again, It Is Not Legitimate To Demand Payment Of A Fine In Order To Appeal And Return A Vehicle (Tucum\u00e1n)            <\/a>\n    <\/h4>                        <div class=\"edge-bli-excerpt\">\n                \t\t<div class=\"edge-post-excerpt-holder\">\n\t\t\t<p itemprop=\"description\" class=\"edge-post-excerpt\">\n\t\t\t\t\nOn the 9th of January, 2023, in the case \u201cMoyano Ram\u00f3n Ariel s\/ Recurso de queja por apelaci\u00f3n denegada\u201d, (Expte: 3200\/2022), the Court declared that access to justice through an appeal of an\t\t\t<\/p>\n\t\t<\/div>\n\t                <div class=\"edge-post-read-more-button\">\n<a itemprop=\"url\" href=\"http:\/\/ubereslegal.com\/en\/una-vez-mas-no-es-legitimo-exigir-el-pago-de-la-multa-para-apelar-y-recuperar-el-vehiculo-tucuman\/\" target=\"_self\"  class=\"edge-btn edge-btn-medium edge-btn-simple edge-blog-list-button\"  >    <span class=\"edge-btn-text\">Read More<\/span>    <\/a><\/div>\n            <\/div>\n        <\/div>\n\t<\/div>\n<\/li><li class=\"edge-bl-item clearfix\">\n\t<div class=\"edge-bli-inner\">\n                \n\t<div class=\"edge-post-image\">\n        \t\t    <a itemprop=\"url\" href=\"http:\/\/ubereslegal.com\/en\/otra-vez-la-justicia-determina-que-se-debe-restituir-el-vehiculo-sin-exigir-el-pago-previo-de-la-multa-tucuman\/\" title=\"Once Again The Court Determines That A Vehicle Must Be Returned Without Demanding Advance Payment of the Fine (Tucum\u00e1n)\">\n                            <img decoding=\"async\" itemprop=\"image\" class=\"edge-custom-post-image\" src=\"http:\/\/ubereslegal.com\/wp-content\/uploads\/2024\/06\/uber-105.jpg\" alt=\"Blog list featured image\" \/>\n                \t\t    <\/a>\n        \t<\/div>\n                <div class=\"edge-bli-content\">\n                        \n<h4 itemprop=\"name\" class=\"entry-title edge-post-title\">\n            <a itemprop=\"url\" href=\"http:\/\/ubereslegal.com\/en\/otra-vez-la-justicia-determina-que-se-debe-restituir-el-vehiculo-sin-exigir-el-pago-previo-de-la-multa-tucuman\/\" title=\"Once Again The Court Determines That A Vehicle Must Be Returned Without Demanding Advance Payment of the Fine (Tucum\u00e1n)\">\n            Once Again The Court Determines That A Vehicle Must Be Returned Without Demanding Advance Payment of the Fine (Tucum\u00e1n)            <\/a>\n    <\/h4>                        <div class=\"edge-bli-excerpt\">\n                \t\t<div class=\"edge-post-excerpt-holder\">\n\t\t\t<p itemprop=\"description\" class=\"edge-post-excerpt\">\n\t\t\t\t\nOn the 9th of January, 2023, in the case \u201cHerrera Natalia Carolina s\/ Recurso de queja por apelaci\u00f3n denegada\u201d, (Expte: 3136\/2022), the Court ordered the driver\u2019s vehicle to be returned and granted\t\t\t<\/p>\n\t\t<\/div>\n\t                <div class=\"edge-post-read-more-button\">\n<a itemprop=\"url\" href=\"http:\/\/ubereslegal.com\/en\/otra-vez-la-justicia-determina-que-se-debe-restituir-el-vehiculo-sin-exigir-el-pago-previo-de-la-multa-tucuman\/\" target=\"_self\"  class=\"edge-btn edge-btn-medium edge-btn-simple edge-blog-list-button\"  >    <span class=\"edge-btn-text\">Read More<\/span>    <\/a><\/div>\n            <\/div>\n        <\/div>\n\t<\/div>\n<\/li><li class=\"edge-bl-item clearfix\">\n\t<div class=\"edge-bli-inner\">\n                \n\t<div class=\"edge-post-image\">\n        \t\t    <a itemprop=\"url\" href=\"http:\/\/ubereslegal.com\/en\/la-justicia-concedio-el-recurso-de-apelacion-sin-exigir-el-pago-previo-de-la-multa-tucuman\/\" title=\"The Court Concedes An Appeal Without Advance Payment of Fine (Tucum\u00e1n)\">\n                            <img decoding=\"async\" itemprop=\"image\" class=\"edge-custom-post-image\" src=\"http:\/\/ubereslegal.com\/wp-content\/uploads\/2024\/06\/uber-104.jpg\" alt=\"Blog list featured image\" \/>\n                \t\t    <\/a>\n        \t<\/div>\n                <div class=\"edge-bli-content\">\n                        \n<h4 itemprop=\"name\" class=\"entry-title edge-post-title\">\n            <a itemprop=\"url\" href=\"http:\/\/ubereslegal.com\/en\/la-justicia-concedio-el-recurso-de-apelacion-sin-exigir-el-pago-previo-de-la-multa-tucuman\/\" title=\"The Court Concedes An Appeal Without Advance Payment of Fine (Tucum\u00e1n)\">\n            The Court Concedes An Appeal Without Advance Payment of Fine (Tucum\u00e1n)            <\/a>\n    <\/h4>                        <div class=\"edge-bli-excerpt\">\n                \t\t<div class=\"edge-post-excerpt-holder\">\n\t\t\t<p itemprop=\"description\" class=\"edge-post-excerpt\">\n\t\t\t\t\nOn the 26th of June, 2023, in the case, \u201cPalomino Luis Armando s\/ Recurso de queja por apelacion denegada\u201d, (Expte: 823\/2023), the Tucum\u00e1n Court, regarding the complaint filed by a private individual, granted\t\t\t<\/p>\n\t\t<\/div>\n\t                <div class=\"edge-post-read-more-button\">\n<a itemprop=\"url\" href=\"http:\/\/ubereslegal.com\/en\/la-justicia-concedio-el-recurso-de-apelacion-sin-exigir-el-pago-previo-de-la-multa-tucuman\/\" target=\"_self\"  class=\"edge-btn edge-btn-medium edge-btn-simple edge-blog-list-button\"  >    <span class=\"edge-btn-text\">Read More<\/span>    <\/a><\/div>\n            <\/div>\n        <\/div>\n\t<\/div>\n<\/li><li class=\"edge-bl-item clearfix\">\n\t<div class=\"edge-bli-inner\">\n                \n\t<div class=\"edge-post-image\">\n        \t\t    <a itemprop=\"url\" href=\"http:\/\/ubereslegal.com\/en\/nuevamente-la-justicia-de-la-provincia-de-tucuman-exime-del-requisito-del-pago-previo-de-la-multa-para-poder-apelar\/\" title=\"Once Again, A Tucum\u00e1n Province Court Removes The Requirement Of Advance Payment Of A Fine In Order To Appeal It\">\n                            <img decoding=\"async\" itemprop=\"image\" class=\"edge-custom-post-image\" src=\"http:\/\/ubereslegal.com\/wp-content\/uploads\/2025\/01\/219759-P16YLZ-391.jpg\" alt=\"Blog list featured image\" \/>\n                \t\t    <\/a>\n        \t<\/div>\n                <div class=\"edge-bli-content\">\n                        \n<h4 itemprop=\"name\" class=\"entry-title edge-post-title\">\n            <a itemprop=\"url\" href=\"http:\/\/ubereslegal.com\/en\/nuevamente-la-justicia-de-la-provincia-de-tucuman-exime-del-requisito-del-pago-previo-de-la-multa-para-poder-apelar\/\" title=\"Once Again, A Tucum\u00e1n Province Court Removes The Requirement Of Advance Payment Of A Fine In Order To Appeal It\">\n            Once Again, A Tucum\u00e1n Province Court Removes The Requirement Of Advance Payment Of A Fine In Order To Appeal It            <\/a>\n    <\/h4>                        <div class=\"edge-bli-excerpt\">\n                \t\t<div class=\"edge-post-excerpt-holder\">\n\t\t\t<p itemprop=\"description\" class=\"edge-post-excerpt\">\n\t\t\t\t\nOn the 22nd of August, 2024, in the case \u201cSosa Carlos Enrique S\/ Recurso De Queja Por Apelacion Denegada\u201d, (Expte: 1785\/2024), the Conventional Secretary of the Judicial Power of Tucum\u00e1n granted a citizen\u2019s request to be able to\t\t\t<\/p>\n\t\t<\/div>\n\t                <div class=\"edge-post-read-more-button\">\n<a itemprop=\"url\" href=\"http:\/\/ubereslegal.com\/en\/nuevamente-la-justicia-de-la-provincia-de-tucuman-exime-del-requisito-del-pago-previo-de-la-multa-para-poder-apelar\/\" target=\"_self\"  class=\"edge-btn edge-btn-medium edge-btn-simple edge-blog-list-button\"  >    <span class=\"edge-btn-text\">Read More<\/span>    <\/a><\/div>\n            <\/div>\n        <\/div>\n\t<\/div>\n<\/li>\t\t<\/ul>\n\t<\/div>\n\t<\/div><div class=\"vc_empty_space\"   style=\"height: 60px\"><span class=\"vc_empty_space_inner\"><\/span><\/div><\/div><\/div><\/div><\/div>","protected":false},"excerpt":{"rendered":"En la causa \u201cSosa Carlos Enrique S\/ Recurso De Queja Por Apelacion Denegada\u201d (Expte: 1785\/2024), el d\u00eda 22\/08\/2024, la Secretar\u00eda Convencional del Poder Judicial Tucum\u00e1n hizo lugar al pedido de un ciudadano para poder recuperar su veh\u00edculo sin abonar previamente [...]","protected":false},"author":2,"featured_media":0,"parent":0,"menu_order":0,"comment_status":"closed","ping_status":"closed","template":"","meta":{"inline_featured_image":false,"footnotes":"","_links_to":"","_links_to_target":""},"class_list":["post-3705","page","type-page","status-publish","hentry"],"_links":{"self":[{"href":"http:\/\/ubereslegal.com\/en\/wp-json\/wp\/v2\/pages\/3705","targetHints":{"allow":["GET"]}}],"collection":[{"href":"http:\/\/ubereslegal.com\/en\/wp-json\/wp\/v2\/pages"}],"about":[{"href":"http:\/\/ubereslegal.com\/en\/wp-json\/wp\/v2\/types\/page"}],"author":[{"embeddable":true,"href":"http:\/\/ubereslegal.com\/en\/wp-json\/wp\/v2\/users\/2"}],"replies":[{"embeddable":true,"href":"http:\/\/ubereslegal.com\/en\/wp-json\/wp\/v2\/comments?post=3705"}],"version-history":[{"count":8,"href":"http:\/\/ubereslegal.com\/en\/wp-json\/wp\/v2\/pages\/3705\/revisions"}],"predecessor-version":[{"id":4443,"href":"http:\/\/ubereslegal.com\/en\/wp-json\/wp\/v2\/pages\/3705\/revisions\/4443"}],"wp:attachment":[{"href":"http:\/\/ubereslegal.com\/en\/wp-json\/wp\/v2\/media?parent=3705"}],"curies":[{"name":"wp","href":"https:\/\/api.w.org\/{rel}","templated":true}]}}